{"id":114,"date":"2018-03-02T00:07:02","date_gmt":"2018-03-02T03:07:02","guid":{"rendered":"http:\/\/alce.letras.ufmg.br\/site\/?page_id=114"},"modified":"2022-11-18T20:43:41","modified_gmt":"2022-11-18T23:43:41","slug":"motel","status":"publish","type":"page","link":"http:\/\/alce.letras.ufmg.br\/site\/motel\/","title":{"rendered":"MOTEL"},"content":{"rendered":"<h2 style=\"text-align: left;\"><span style=\"font-family: 'Times New Roman', Times; color: #333333; font-size: 14pt;\">UI, J\u00c1 ENTROU NESSA SE\u00c7\u00c3O CHEIO(A) DE INTEN\u00c7\u00c3O. N\u00c9!?<\/span><\/h2>\n<p style=\"text-align: center;\"><span style=\"color: #333333; font-family: 'Times New Roman', Times; font-size: 14pt;\"><strong>Mo<\/strong>stra de <strong>T<\/strong>alentos dos <strong>E<\/strong>studantes de <strong>L<\/strong>etras! Isso mesmo, ou voc\u00ea j\u00e1 estava pensando em outras coisas ?<\/span><\/p>\n<p><span style=\"font-weight: 400; font-family: 'Times New Roman', Times; color: #333333; font-size: 14pt;\">O MOTEL consiste em dar visibilidade \u00e0 produ\u00e7\u00e3o art\u00edstica dos alunxs, incentivando cada um a mostrar para toda comunidade acad\u00eamica uma parcela do seu pr\u00f3prio talento. N\u00f3s do ALCE apenas promovemos o evento de acordo com as inscri\u00e7\u00f5es feitas por cada aluno. O \u00fanico crit\u00e9rio para se inscrever \u00e9 ser aluno ou ex-aluno da FALE (para grupos, pelo menos um integrante precisa ser aluno). <\/span><\/p>\n<h4 style=\"text-align: center;\"><span style=\"font-weight: 400; font-family: 'Times New Roman', Times; color: #333333; font-size: 14pt;\">Nosso evento n\u00e3o tem car\u00e1ter competitivo e concede certificados para todos os participantes.<\/span><\/h4>\n<p><span style=\"font-family: 'Times New Roman', Times; font-size: 14pt; color: #000000;\"><b>O que queremos com o MOTEL?<\/b><\/span><\/p>\n<ul>\n<li><span style=\"font-weight: 400; font-family: 'Times New Roman', Times; color: #333333; font-size: 14pt;\">Proporcionar aos estudantes da Faculdade de Letras a oportunidade de apresentar sua experi\u00eancia cultural valorizando seu trabalho art\u00edstico.<\/span><\/li>\n<li><span style=\"font-weight: 400; font-family: 'Times New Roman', Times; color: #333333; font-size: 14pt;\">Incentivar o interc\u00e2mbio e a integra\u00e7\u00e3o entre as diferentes atividades encontradas pela FALE.<\/span><\/li>\n<\/ul>\n<p><span style=\"font-family: 'Times New Roman', Times; font-size: 14pt; color: #000000;\"><b>P\u00fablico Alvo:<\/b><\/span><\/p>\n<p><span style=\"font-weight: 400; font-family: 'Times New Roman', Times; color: #333333; font-size: 14pt;\">Alunxs da Faculdade de Letras.<\/span><\/p>\n<p><span style=\"font-weight: 400; font-family: 'Times New Roman', Times; color: #000000; font-size: 14pt;\">A \u00faltima Mostra de Talentos aconteceu no dia 05 de novembro de 2019 na Faculdade de Letras \ud83d\ude42 e o nosso IV MOTEL vem a\u00ed! Nos encontraremos no dia 16\/12\/2022, \u00e0s 17h00 no Audit\u00f3rio Graciela Ravetti (Antigo 1007) na FALE.<\/span><\/p>\n<p>Link para inscri\u00e7\u00f5es\u00a0<a href=\"https:\/\/forms.gle\/2WnvFxApJg1RLgEN7\">AQUI<\/a> e na bio do nosso Instagram: <a href=\"https:\/\/instagram.com\/alce_ufmg?igshid=YmMyMTA2M2Y=\">@alce_ufmg<\/a><\/p>\n","protected":false},"excerpt":{"rendered":"<p>UI, J\u00c1 ENTROU NESSA SE\u00c7\u00c3O CHEIO(A) DE INTEN\u00c7\u00c3O. N\u00c9!? Mostra de Talentos dos Estudantes de Letras! Isso mesmo, ou voc\u00ea j\u00e1 estava pensando em outras coisas ? O MOTEL consiste em dar visibilidade \u00e0 produ\u00e7\u00e3o art\u00edstica dos alunxs, incentivando cada um a mostrar para toda comunidade acad\u00eamica uma parcela do<a class=\"moretag\" href=\"http:\/\/alce.letras.ufmg.br\/site\/motel\/\"> Continue a ler<\/a><\/p>\n","protected":false},"author":12,"featured_media":0,"parent":0,"menu_order":0,"comment_status":"closed","ping_status":"closed","template":"","meta":[],"_links":{"self":[{"href":"http:\/\/alce.letras.ufmg.br\/site\/wp-json\/wp\/v2\/pages\/114"}],"collection":[{"href":"http:\/\/alce.letras.ufmg.br\/site\/wp-json\/wp\/v2\/pages"}],"about":[{"href":"http:\/\/alce.letras.ufmg.br\/site\/wp-json\/wp\/v2\/types\/page"}],"author":[{"embeddable":true,"href":"http:\/\/alce.letras.ufmg.br\/site\/wp-json\/wp\/v2\/users\/12"}],"replies":[{"embeddable":true,"href":"http:\/\/alce.letras.ufmg.br\/site\/wp-json\/wp\/v2\/comments?post=114"}],"version-history":[{"count":20,"href":"http:\/\/alce.letras.ufmg.br\/site\/wp-json\/wp\/v2\/pages\/114\/revisions"}],"predecessor-version":[{"id":1692,"href":"http:\/\/alce.letras.ufmg.br\/site\/wp-json\/wp\/v2\/pages\/114\/revisions\/1692"}],"wp:attachment":[{"href":"http:\/\/alce.letras.ufmg.br\/site\/wp-json\/wp\/v2\/media?parent=114"}],"curies":[{"name":"wp","href":"https:\/\/api.w.org\/{rel}","templated":true}]}}